{"id":27,"date":"2019-01-28T10:41:44","date_gmt":"2019-01-28T09:41:44","guid":{"rendered":"http:\/\/assedep.fr\/?page_id=27"},"modified":"2026-02-12T10:46:11","modified_gmt":"2026-02-12T09:46:11","slug":"histoire","status":"publish","type":"page","link":"https:\/\/assedep.fr\/?page_id=27","title":{"rendered":"Histoire"},"content":{"rendered":"\n<p>Voici l\u2019histoire de la naissance de l\u2019ASSEDEP<\/p>\n\n\n\n<div data-wp-interactive=\"core\/file\" class=\"wp-block-file\"><object data-wp-bind--hidden=\"!state.hasPdfPreview\" hidden class=\"wp-block-file__embed\" data=\"https:\/\/assedep.fr\/wp-content\/uploads\/2026\/02\/Presentation-de-lASSEDEP.pdf\" type=\"application\/pdf\" style=\"width:100%;height:420px\" aria-label=\"Contenu embarqu\u00e9 Pre\u0301sentation de l\u2019ASSEDEP.\"><\/object><a id=\"wp-block-file--media-4509ebc7-9c0b-42c3-a9ba-9ec8b3d3db99\" href=\"https:\/\/assedep.fr\/wp-content\/uploads\/2026\/02\/Presentation-de-lASSEDEP.pdf\">Pre\u0301sentation de l\u2019ASSEDEP<\/a><a href=\"https:\/\/assedep.fr\/wp-content\/uploads\/2026\/02\/Presentation-de-lASSEDEP.pdf\" class=\"wp-block-file__button wp-element-button\" download aria-describedby=\"wp-block-file--media-4509ebc7-9c0b-42c3-a9ba-9ec8b3d3db99\">T\u00e9l\u00e9charger<\/a><\/div>\n\n\n\n<p><a href=\"https:\/\/assedep.fr\/presentation\/\"><\/a>L\u2019association est \u00ab&nbsp;n\u00e9e de l\u2019envie de quatre secr\u00e9taires de d\u00e9partements de l\u2019IUT de Perpignan de voir comment on travaillait dans les autres IUT, comment \u00e9taient g\u00e9r\u00e9es les relations entre l\u2019administration et les d\u00e9partements de formations, explique Edith Parazols, ancienne secr\u00e9taire de d\u00e9partement \u00e0 l\u2019IUT de Perpignan, et \u00e0 pr\u00e9sent membre d\u2019honneur du conseil d\u2019administration de l\u2019Assedep .<\/p>\n\n\n\n<p>Tout a d\u00e9but\u00e9 aux premi\u00e8res rencontres technologiques \u00e0 Perpignan, les 24 et 25 mars 1994, avec une quarantaine de secr\u00e9taires.<\/p>\n\n\n\n<p>L\u2019ASSEDEP a \u00e9t\u00e9 cr\u00e9e \u00e0 la suite de ces rencontres le 08 juin 1994, et les secr\u00e9taires de tous les IUT de France ont \u00e9t\u00e9 invit\u00e9es \u00e0 y prendre part. \u00ab&nbsp;On nous appelait \u00ab&nbsp;les p\u00e9troleuses&nbsp;\u00bb parce qu\u2019on faisait la r\u00e9volution partout&nbsp;!&nbsp;\u00bbse souvient Edith Parazols.<\/p>\n\n\n\n<figure class=\"wp-block-image\"><img loading=\"lazy\" decoding=\"async\" width=\"797\" height=\"843\" src=\"https:\/\/assedep.fr\/wp-content\/uploads\/2019\/01\/journal001.jpg\" alt=\"\" class=\"wp-image-28\" srcset=\"https:\/\/assedep.fr\/wp-content\/uploads\/2019\/01\/journal001.jpg 797w, https:\/\/assedep.fr\/wp-content\/uploads\/2019\/01\/journal001-284x300.jpg 284w, https:\/\/assedep.fr\/wp-content\/uploads\/2019\/01\/journal001-768x812.jpg 768w\" sizes=\"auto, (max-width: 797px) 100vw, 797px\" \/><\/figure>\n\n\n\n<p>&nbsp;&nbsp;&nbsp;&nbsp;&nbsp;&nbsp;&nbsp;&nbsp; Il \u00e9tait une fois, l\u2019I.U.T. de\nPerpignan, compos\u00e9 \u00e0 l\u2019\u00e9poque (en 1994) de quatre D\u00e9partements&nbsp;:<\/p>\n\n\n\n<ul class=\"wp-block-list\">\n<li>Gestion des Entreprises &amp; des Administrations (GEA)<\/li>\n\n\n\n<li>Biologie Appliqu\u00e9e (actuellement G\u00e9nie Biologique \u2013 GB)<\/li>\n\n\n\n<li>Maintenance Industrielle (actuellement G\u00e9nie Industriel &amp; Maintenance \u2013 GIM)<\/li>\n\n\n\n<li>Gestion Logistique &amp; Transport (GLT)<\/li>\n<\/ul>\n\n\n\n<p>Au sein de chaque D\u00e9partement, une secr\u00e9taire, soucieuse de parfaire\nson travail au sein de l\u2019\u00e9quipe, mais, toujours \u00ab&nbsp;tiraill\u00e9e&nbsp;\u00bb par le\nresponsable administratif.<\/p>\n\n\n\n<p>Ces quatre secr\u00e9taires, dynamiques, battantes et tenaces (appel\u00e9es par\nles dirigeants et enseignants de l\u2019IUT \u00ab&nbsp;les P\u00e9troleuses&nbsp;\u00bb), avides\nde curiosit\u00e9, se sont pos\u00e9es la question de savoir ce qui se passait dans les\nautres IUT.<\/p>\n\n\n\n<p>&nbsp;&nbsp;&nbsp;&nbsp;&nbsp;&nbsp;&nbsp;&nbsp; Elles ont mis leurs efforts et\ncapacit\u00e9s \u00e0 organiser, \u00e0 Perpignan, les \u00ab&nbsp;Premi\u00e8res Rencontres\nTechnologiques des Secr\u00e9taires de D\u00e9partements&nbsp;\u00bb. Une lettre (et beaucoup\nd\u2019appels t\u00e9l\u00e9phoniques) projetant cette manifestation de rencontres et d\u2019\u00e9changes\na \u00e9t\u00e9 adress\u00e9e aux IUT et plus particuli\u00e8rement au sein des d\u00e9partements dont\nles intitul\u00e9s sont stipul\u00e9s en d\u00e9but de l\u2019historique.<\/p>\n\n\n\n<p>&nbsp;&nbsp;&nbsp;&nbsp;&nbsp;&nbsp;&nbsp;&nbsp; Au vu des r\u00e9sultats, cette premi\u00e8re\nmanifestation a pu avoir lieu \u00e0 l\u2019IUT de Perpignan les 24 et 25 mars 1994. (cf.\nPhotos du Journal de l\u2019Ind\u00e9pendant).<\/p>\n\n\n\n<p>&nbsp;&nbsp;&nbsp;&nbsp;&nbsp;&nbsp;&nbsp;&nbsp; Bien \u00e9paul\u00e9es par le Pr\u00e9sident de l\u2019Universit\u00e9, le Directeur de l\u2019IUT ainsi que des Chefs de D\u00e9partements, ces premi\u00e8res rencontres se sont d\u00e9roul\u00e9es \u00e0 merveille et ont soulev\u00e9 beaucoup d\u2019interrogations, d\u2019\u00e9changes de m\u00e9thodes de travail et un grand int\u00e9r\u00eat, afin d\u2019optimiser et am\u00e9liorer le travail de chacune de nous&nbsp;!<\/p>\n\n\n\n<p>&nbsp;&nbsp;&nbsp;&nbsp;&nbsp;&nbsp;&nbsp;&nbsp; A l\u2019issue de ces journ\u00e9es, et devant un\ntel succ\u00e8s, la soixantaine de secr\u00e9taires repr\u00e9sentant 32 IUT, ont d\u00e9cid\u00e9 de\np\u00e9renniser ces id\u00e9es et de cr\u00e9er une Association&nbsp;: l\u2019ASsociation des\nSecr\u00e9taires de D\u00e9partements d\u2019IUT (ASSeDep) est n\u00e9e, d\u00e9clar\u00e9e \u00e0 la Pr\u00e9fecture\nde Perpignan le 18 mai 1994, et publi\u00e9e sur le Journal Officiel le 08 juin 1994\n(cf. D\u00e9claration de l\u2019Association et de ses premiers membres du bureau).<\/p>\n\n\n\n<p>Il s\u2019agissait d\u2019organiser deux jours par an, sur invitation d\u2019un IUT, notre Assembl\u00e9e G\u00e9n\u00e9rale, afin de travailler en ateliers et d\u2019\u00e9changer ensemble sur nos probl\u00e8mes rencontr\u00e9s au sein du D\u00e9partement et d\u2019essayer d\u2019y apporter des am\u00e9liorations et solutions si possible. (cf. Liste des IUT ayant invit\u00e9 l\u2019ASSEDEP de 1995 \u00e0 nos jours).<\/p>\n\n\n\n<div data-wp-interactive=\"core\/file\" class=\"wp-block-file\"><object data-wp-bind--hidden=\"!state.hasPdfPreview\" hidden class=\"wp-block-file__embed\" data=\"https:\/\/assedep.fr\/wp-content\/uploads\/2024\/04\/participantes-a-la-creation-de-lassedep-en-1994-1.pdf\" type=\"application\/pdf\" style=\"width:100%;height:600px\" aria-label=\"Contenu embarqu\u00e9 participantes-a-la-creation-de-lassedep-en-1994-1.\"><\/object><a id=\"wp-block-file--media-de7d9717-d5d6-4988-bc89-e8c348c9f5ff\" href=\"https:\/\/assedep.fr\/wp-content\/uploads\/2024\/04\/participantes-a-la-creation-de-lassedep-en-1994-1.pdf\">participantes-a-la-creation-de-lassedep-en-1994-1<\/a><a href=\"https:\/\/assedep.fr\/wp-content\/uploads\/2024\/04\/participantes-a-la-creation-de-lassedep-en-1994-1.pdf\" class=\"wp-block-file__button wp-element-button\" download aria-describedby=\"wp-block-file--media-de7d9717-d5d6-4988-bc89-e8c348c9f5ff\">T\u00e9l\u00e9charger<\/a><\/div>\n","protected":false},"excerpt":{"rendered":"<p>Voici l\u2019histoire de la naissance de l\u2019ASSEDEP L\u2019association est \u00ab&nbsp;n\u00e9e de l\u2019envie de quatre secr\u00e9taires de d\u00e9partements de l\u2019IUT de Perpignan de voir comment on travaillait dans les autres IUT, comment \u00e9taient g\u00e9r\u00e9es les relations entre l\u2019administration et les d\u00e9partements de formations, explique Edith Parazols, ancienne secr\u00e9taire de d\u00e9partement \u00e0 l\u2019IUT de Perpignan, et \u00e0 [&hellip;]<\/p>\n","protected":false},"author":81,"featured_media":0,"parent":0,"menu_order":2,"comment_status":"closed","ping_status":"closed","template":"","meta":{"footnotes":""},"class_list":["post-27","page","type-page","status-publish","hentry"],"_links":{"self":[{"href":"https:\/\/assedep.fr\/index.php?rest_route=\/wp\/v2\/pages\/27","targetHints":{"allow":["GET"]}}],"collection":[{"href":"https:\/\/assedep.fr\/index.php?rest_route=\/wp\/v2\/pages"}],"about":[{"href":"https:\/\/assedep.fr\/index.php?rest_route=\/wp\/v2\/types\/page"}],"author":[{"embeddable":true,"href":"https:\/\/assedep.fr\/index.php?rest_route=\/wp\/v2\/users\/81"}],"replies":[{"embeddable":true,"href":"https:\/\/assedep.fr\/index.php?rest_route=%2Fwp%2Fv2%2Fcomments&post=27"}],"version-history":[{"count":6,"href":"https:\/\/assedep.fr\/index.php?rest_route=\/wp\/v2\/pages\/27\/revisions"}],"predecessor-version":[{"id":5374,"href":"https:\/\/assedep.fr\/index.php?rest_route=\/wp\/v2\/pages\/27\/revisions\/5374"}],"wp:attachment":[{"href":"https:\/\/assedep.fr\/index.php?rest_route=%2Fwp%2Fv2%2Fmedia&parent=27"}],"curies":[{"name":"wp","href":"https:\/\/api.w.org\/{rel}","templated":true}]}}